{"id":156,"date":"2009-12-27T16:18:26","date_gmt":"2009-12-27T14:18:26","guid":{"rendered":"http:\/\/www.beseit.net\/?page_id=156"},"modified":"2023-12-04T14:31:35","modified_gmt":"2023-12-04T12:31:35","slug":"2-accentuacio","status":"publish","type":"page","link":"https:\/\/www.beseit.net\/?page_id=156","title":{"rendered":"2- Accentuaci\u00f3"},"content":{"rendered":"<p style=\"font-weight: bold;\">Accentuaci\u00f3<\/p>\n<p>Per aplicar b\u00e9 les regles d&#8217;accentuaci\u00f3, conv\u00e9 saber separar correctament les s\u00edl\u00b7labes d&#8217;un mot. Per aix\u00f2 cal recon\u00e8ixer els diftongs, dues vocals juntes que formen una \u00fanica s\u00edl\u00b7laba.<\/p>\n<p>Rep el nom d&#8217;accent gr\u00e0fic el signe escrit que es col\u00b7loca sobre una lletra vocal per indicar on cau la intensitat de la veu.<\/p>\n<p>Hi ha dues classes d&#8217;accent gr\u00e0fic:\u00a0 Greu u obert i agut o tancat.<\/p>\n<p>La a nom\u00e9s pot portar accent greu: \u00e0 (catal\u00e0, r\u00e0bia);<\/p>\n<p>La i i la u nom\u00e9s poden portar accent agut: \u00ed, \u00fa (mat\u00ed, \u00fanica);<\/p>\n<p>La e i la o porten accent greu quan s\u00f3n obertes (caf\u00e8, arr\u00f2s) i accent agut quan s\u00f3n tancades (portar\u00e9, avi\u00f3).<\/p>\n<p><span style=\"color: #ff00ff;\"><strong>S\u00edl\u00b7labes t\u00f2niques i \u00e0tones de les paraules<\/strong><\/span><\/p>\n<p>En tota paraula que consti de dues o m\u00e9s s\u00edl\u00b7labes, n\u2019hi ha sempre una que \u00e9s pronunciada amb una emissi\u00f3 de veu m\u00e9s intensa que les altres. Aquesta s\u00edl\u00b7laba \u00e9s anomenada t\u00f2nica o forta. Totes les altres s\u00edl\u00b7labes del mot s\u00f3n anomenades \u00e0tones o febles. Aix\u00ed, a la paraula f\u00f3r-mu-la, la s\u00edl\u00b7laba t\u00f2nica o forta \u00e9s for i les \u00e0tones o febles, mu i la. De la mateixa manera, a la paraula res-pec-te, la s\u00edl\u00b7laba t\u00f2nica \u00e9s pec i les \u00e0tones, res i te. Els mots compostos, per\u00f2, solen tenir dues s\u00edl\u00b7labes t\u00f2niques: panxacontent, camallarg, gira-sol&#8230; Aix\u00f2 tamb\u00e9 passa en alguns noms propis (top\u00f2nims com ara Collserola, Palam\u00f3s o antrop\u00f2nims com ara Camprub\u00ed). La majoria de mots monos\u00edl\u00b7labs s\u00f3n t\u00f2nics (can, han, ham, tren, riu&#8230;), per\u00f2 alguns s\u00f3n \u00e0tons. \u00c9s el cas dels articles (el, uns&#8230;), els possessius (ton, ses&#8230;), els pronoms febles (em, ho&#8230;), les preposicions (a, amb, de, en, per), la conjunci\u00f3 que i el relatiu o quantitatiu que.<\/p>\n<p><strong><span style=\"color: #0000ff;\">Les paraules d\u2019una sola s\u00edl\u00b7laba no solen accentuar-se.<\/span><\/strong><\/p>\n<p>Malgrat que totes les paraules tenen accent t\u00f2nic, no totes s\u2019accentuen gr\u00e0ficament. Quan un mot s\u2019ha d\u2019escriure amb accent gr\u00e0fic, aquest accent es col\u00b7loca sempre damunt la vocal de la s\u00edl\u00b7laba t\u00f2nica, d\u2019acord amb unes regles d\u2019accentuaci\u00f3 que s\u2019explicaran a continuaci\u00f3.<\/p>\n<table border=\"1\" cellspacing=\"0\" cellpadding=\"0\">\n<tbody>\n<tr>\n<td valign=\"top\" width=\"192\"><\/td>\n<td width=\"192\">els mots <strong>aguts<\/strong> acabats en &#8211;<em>a<\/em>, &#8211;<em>e<\/em>, &#8211;<em>i<\/em>, &#8211;<em>o<\/em>, &#8211;<em>u<\/em>, &#8211;<em>as<\/em>, &#8211;<em>es<\/em>, &#8211;<em>is<\/em>, &#8211;<em>os<\/em>, &#8211;<em>us<\/em>, &#8211;<em>en<\/em>, &#8211;<em>in<\/em>.<\/td>\n<td width=\"192\">rom\u00e0, cantar\u00e9, rodol\u00ed, lli\u00e7\u00f3, ning\u00fa, callar\u00e0s, ent\u00e8s, espantad\u00eds, arr\u00f2s, pall\u00fas, compr\u00e8n, Dubl\u00edn.<\/td>\n<\/tr>\n<tr>\n<td valign=\"top\" width=\"192\">\n<p align=\"center\"><strong>S\u2019ACCENTUE<\/strong><\/p>\n<\/td>\n<td width=\"192\">els mots <strong>plans<\/strong> acabats en terminacions que no siguin &#8211;<em>a<\/em>, &#8211;<em>e<\/em>, &#8211;<em>i<\/em>, &#8211;<em>o<\/em>, &#8211;<em>u<\/em>, &#8211;<em>as<\/em>, &#8211;<em>es<\/em>, &#8211;<em>is<\/em>, &#8211;<em>os<\/em>, &#8211;<em>us<\/em>, &#8211;<em>en<\/em>, &#8211;<em>in<\/em>.Els mots plans acabats en <strong>diftongs decreixents: <\/strong>\u00e9reu, traur\u00edeu..<strong><br \/>\n<\/strong><\/td>\n<td width=\"192\">ex\u00e0mens, fen\u00f2mens, pl\u00e0ncton, port\u00e0veu, entrist\u00edssiu, c\u00e0non, t\u00f2rcer, c\u00f2ncau, corregu\u00e9rem, mon\u00f2lit.<\/td>\n<\/tr>\n<tr>\n<td valign=\"top\" width=\"192\"><\/td>\n<td width=\"192\">tots els mots <strong>esdr\u00faixols<\/strong>, acabin com acabin.<\/td>\n<td width=\"192\">\u00c0sia, plusv\u00e0lua, \u00e0rea, paci\u00e8ncia, N\u00faria, harm\u00f2nium, per\u00edode, di\u00f2ptria.<\/td>\n<\/tr>\n<tr>\n<td valign=\"top\" width=\"192\">\n<p align=\"center\"><strong>NO S\u2019ACCENTUEN<\/strong><\/p>\n<\/td>\n<td width=\"192\">els mots que no s\u2019incloguin en la norma anterior ni els monos\u00edl\u00b7labs.<\/td>\n<td width=\"192\">menjaran, cantareu, remei, examen, corregueren, fenomen, Maria, sortissis, Caucas, pa, vi, sa.<\/td>\n<\/tr>\n<\/tbody>\n<\/table>\n<p><strong>Atenci\u00f3!<\/strong>: <strong>El diftong decreixent<\/strong>, aquell en qu\u00e8 la segona vocal \u00e9s una <strong>i<\/strong> o una <strong>u<\/strong>, <strong>no es considera com cap d&#8217;aquestes terminacions<\/strong>, ja que la i i la u s\u00f3n semivocals. Per tant, escriurem sense accent gr\u00e0fic els mots aguts <strong>ser-vei<\/strong> i <strong>creu<\/strong>, i amb accent plans <strong>s\u00ed-rius<\/strong>, <strong>can-t\u00e0-veu<\/strong> i <strong>es-cri-v\u00ed-siu.<\/strong> En canvi, el diftong creixent segueix les normes s&#8217;accentuaci\u00f3 gr\u00e0fica generals: Pas-qua, llengua.<strong><br \/>\n<\/strong><\/p>\n<p><strong>Accent diacr\u00edtic<\/strong><\/p>\n<p>Alguns monos\u00edl\u00b7labs i alguns altres mots que segons les normes tampoc no s\u2019haurien d\u2019accentuar porten <strong>accent diacr\u00edtic<\/strong>, \u00e9s a dir, per a distingir-los d\u2019altres mots. Els m\u00e9s usuals s\u00f3n els seg\u00fcents:<\/p>\n<table border=\"1\" width=\"576\" cellspacing=\"0\" cellpadding=\"0\">\n<tbody>\n<tr>\n<td width=\"288\">b\u00e9 (contrari de malament)<\/td>\n<td width=\"288\">p\u00e8l (i rep\u00e8l, contrap\u00e8l\u2026)<\/td>\n<\/tr>\n<tr>\n<td width=\"288\">b\u00e9ns (propietats)<\/td>\n<td width=\"288\">qu\u00e8 (interrogatiu i relatiu fort)<\/td>\n<\/tr>\n<tr>\n<td width=\"288\">b\u00f3ta (recipient per al vi)<\/td>\n<td width=\"288\">r\u00e9s (preg\u00e0ria)<\/td>\n<\/tr>\n<tr>\n<td width=\"288\">c\u00f3c (com coca)<\/td>\n<td width=\"288\">r\u00f2ssa (b\u00e8stia vella)<\/td>\n<\/tr>\n<tr>\n<td width=\"288\">c\u00f3m (menjadora)<\/td>\n<td width=\"288\">s\u00e9 (del verb <em>saber<\/em>)<\/td>\n<\/tr>\n<tr>\n<td width=\"288\">D\u00e9u (i ad\u00e9u, pregad\u00e9u\u2026)<\/td>\n<td width=\"288\">s\u00e9c (plec)<\/td>\n<\/tr>\n<tr>\n<td width=\"288\">d\u00f3na i d\u00f3nes (del verb donar)<\/td>\n<td width=\"288\">s\u00e8gle (s\u00e8gol)<\/td>\n<\/tr>\n<tr>\n<td width=\"288\">f\u00e9u (passat del verb <em>fer<\/em>, i desf\u00e9u, ref\u00e9u\u2026)<\/td>\n<td width=\"288\">s\u00e8u (greix)<\/td>\n<\/tr>\n<tr>\n<td width=\"288\">j\u00f3c (d\u2019ajocar)<\/td>\n<td width=\"288\">s\u00ed (afirmaci\u00f3)<\/td>\n<\/tr>\n<tr>\n<td width=\"288\">L\u00e9s (poblaci\u00f3)<\/td>\n<td width=\"288\">s\u00f3c i s\u00f3, \u00e9s, s\u00f3n, f\u00f3ra (del verb <em>ser<\/em>)<\/td>\n<\/tr>\n<tr>\n<td width=\"288\">m\u00e0 (part del cos)<\/td>\n<td width=\"288\">s\u00f2l (terra, i entres\u00f2l, subs\u00f2l)<\/td>\n<\/tr>\n<tr>\n<td width=\"288\">m\u00e9s (de quantitat)<\/td>\n<td width=\"288\">t\u00e9 (del verb <em>tenir<\/em>)<\/td>\n<\/tr>\n<tr>\n<td width=\"288\">m\u00e8u (miol)<\/td>\n<td width=\"288\">t\u00f2t (broc gros)<\/td>\n<\/tr>\n<tr>\n<td width=\"288\">m\u00f2lt (participi del verb <em>moldre<\/em>)<\/td>\n<td width=\"288\">\u00fas (d\u2019usar)<\/td>\n<\/tr>\n<tr>\n<td width=\"288\">m\u00f3n (i rodam\u00f3n)<\/td>\n<td width=\"288\">v\u00e9ns, v\u00e9nen (del verb <em>venir<\/em>)<\/td>\n<\/tr>\n<tr>\n<td width=\"288\">m\u00f3ra (fruita)<\/td>\n<td width=\"288\">v\u00e9s (del verb <em>anar<\/em>)<\/td>\n<\/tr>\n<tr>\n<td width=\"288\">n\u00e9t\/a (i ren\u00e9t\/a, besn\u00e9t\/a\u2026)<\/td>\n<td width=\"288\">v\u00e9u (passat del verb <em>veure<\/em>)<\/td>\n<\/tr>\n<tr>\n<td width=\"288\">\u00f3s\/\u00f3ssa (animal)<\/td>\n<td width=\"288\">v\u00f3s, n\u00f3s (pronoms forts)<\/td>\n<\/tr>\n<\/tbody>\n<\/table>\n<table border=\"1\" width=\"80%\" align=\"center\">\n<tbody>\n<tr>\n<th width=\"50%\">sense accent<\/th>\n<th width=\"50%\">amb accent<\/th>\n<\/tr>\n<tr>\n<td><b>be<\/b>: nom de la lletra <a title=\"B\" href=\"http:\/\/ca.wikipedia.org\/wiki\/B\">b<\/a>; xai, anyell, corder<\/td>\n<td><b>b\u00e9<\/b> (plural <i>b\u00e9ns<\/i>): possessions; adverbi; conjunci\u00f3<\/td>\n<\/tr>\n<tr>\n<td><b>bota<\/b>: cal\u00e7at; verb botar<\/td>\n<td><b>b\u00f3ta<\/b>: recipient<\/td>\n<\/tr>\n<tr>\n<td><b>coc<\/b>: cuiner; carb\u00f3; bacteri<\/td>\n<td><b>c\u00f3c<\/b>: coca<\/td>\n<\/tr>\n<tr>\n<td><b>coll<\/b>: part del cos<\/td>\n<td><b>C\u00f3ll<\/b>: top\u00f2nim<\/td>\n<\/tr>\n<tr>\n<td><b>com<\/b>: adverbi<\/td>\n<td><b>c\u00f3m<\/b>: obi<\/td>\n<\/tr>\n<tr>\n<td><b>cop<\/b>: encontre violent, colp<\/td>\n<td><b>c\u00f3p<\/b>: cerro; mesura de capacitat; gran copa<\/td>\n<\/tr>\n<tr>\n<td><b>cos<\/b>: conjunt d&#8217;un organisme; corporaci\u00f3<\/td>\n<td><b>c\u00f3s<\/b>: cursa<\/td>\n<\/tr>\n<tr>\n<td><b><a title=\"Deu\" href=\"http:\/\/ca.wikipedia.org\/wiki\/Deu\">deu<\/a><\/b>: font; numeral<br \/>\n<b>deus<\/b>: fonts; formes del verb <i>deure<\/i><\/td>\n<td><b><a title=\"D\u00e9u\" href=\"http:\/\/ca.wikipedia.org\/wiki\/D%C3%A9u\">d\u00e9u<\/a><\/b> (plural <i>d\u00e9us<\/i>): divinitat<br \/>\n<b>D\u00e9u<\/b>: nom propi d&#8217;algun d\u00e9u monoteista<\/td>\n<\/tr>\n<tr>\n<td><b>dona<\/b>, <b>dones<\/b>: \u00e9sser hum\u00e0 de g\u00e8nere femen\u00ed; muller<\/td>\n<td><b>d\u00f3na<\/b>, <b>d\u00f3nes<\/b>: formes del verb <i>donar<\/i><\/td>\n<\/tr>\n<tr>\n<td><b>es<\/b>: pronom reflexiu<\/td>\n<td><b>\u00e9s<\/b>: forma del verb <i>ser<\/i><\/td>\n<\/tr>\n<tr>\n<td><b><a title=\"Feu\" href=\"http:\/\/ca.wikipedia.org\/wiki\/Feu\">feu<\/a><\/b>: domini, senyoria; present de <i>fer<\/i><\/td>\n<td><b>f\u00e9u<\/b>: passat de <i>fer<\/i><\/td>\n<\/tr>\n<tr>\n<td><b>fora<\/b>: adverbi<\/td>\n<td><b>f\u00f3ra<\/b>: verb <i>ser<\/i><\/td>\n<\/tr>\n<tr>\n<td><b><a title=\"Joc\" href=\"http:\/\/ca.wikipedia.org\/wiki\/Joc\">joc<\/a><\/b>, <b>jocs<\/b>: acci\u00f3 de jugar, entreteniment<\/td>\n<td><b>j\u00f3c<\/b>: indret on van a dormir els ocells<br \/>\n<b>j\u00f3c<\/b>, <b>j\u00f3cs<\/b> (per\u00f2 <i>joca<\/i>): ajocat<\/td>\n<\/tr>\n<tr>\n<td><b>les<\/b>: article; pronom; adjectiu (ant\u00f2nim de il\u00b7l\u00e8s)<\/td>\n<td><b><a title=\"L\u00e9s\" href=\"http:\/\/ca.wikipedia.org\/wiki\/L%C3%A9s\">L\u00e9s<\/a><\/b>: top\u00f2nim<\/td>\n<\/tr>\n<tr>\n<td><b>ma<\/b>: (plural <i>mes<\/i>): forma del femen\u00ed de l\u2019adjectiu possessiu mon<\/td>\n<td><b><a title=\"M\u00e0\" href=\"http:\/\/ca.wikipedia.org\/wiki\/M%C3%A0\">m\u00e0<\/a><\/b> (per\u00f2 <i>mans<\/i>): part final del bra\u00e7<\/td>\n<\/tr>\n<tr>\n<td><b>mes<\/b>: dotzena part d&#8217;un any; possessiu; per\u00f2; participi de metre<\/td>\n<td><b>m\u00e9s<\/b>: quantitatiu<\/td>\n<\/tr>\n<tr>\n<td><b>meu<\/b>: possessiu<\/td>\n<td><b>m\u00e8u<\/b>: miol del gat<\/td>\n<\/tr>\n<tr>\n<td><b>molt<\/b>, <b>molta<\/b>: quantitatiu<\/td>\n<td><b>m\u00f2lt<\/b>, <b>m\u00f2lta<\/b>: participi de <i>moldre<\/i><br \/>\n<b>m\u00f2lta<\/b>: acci\u00f3 de moldre<\/td>\n<\/tr>\n<tr>\n<td><b>mon<\/b> (plural <i>mos<\/i>): possessiu<br \/>\n<b>mon<\/b> (plural <i>mons<\/i>): nom d&#8217;una llengua; relatiu a aquesta llengua<\/td>\n<td><b>m\u00f3n<\/b> (per\u00f2 <i>mons<\/i>): univers<\/td>\n<\/tr>\n<tr>\n<td><b>mora<\/b>: dona magribina; retard<\/td>\n<td><b><a title=\"M\u00f3ra (infructesc\u00e8ncia)\" href=\"http:\/\/ca.wikipedia.org\/wiki\/M%C3%B3ra_%28infructesc%C3%A8ncia%29\">m\u00f3ra<\/a><\/b>: (plural <i>m\u00f3res<\/i>): <a title=\"Fruita\" href=\"http:\/\/ca.wikipedia.org\/wiki\/Fruita\">fruita<\/a><br \/>\n<b><a title=\"M\u00f3ra\" href=\"http:\/\/ca.wikipedia.org\/wiki\/M%C3%B3ra\">M\u00f3ra<\/a><\/b>: forma part d&#8217;alguns top\u00f2nims<\/td>\n<\/tr>\n<tr>\n<td><b>net<\/b> (<b>neta<\/b>, <b>nets<\/b>, <b>netes<\/b>): adjectiu<\/td>\n<td><b>n\u00e9t<\/b> (<b>n\u00e9ta<\/b>, <b>n\u00e9ts<\/b>, <b>n\u00e9tes<\/b>): parentiu familiar<\/td>\n<\/tr>\n<tr>\n<td><b>nos<\/b>: pronom personal feble<\/td>\n<td><b>n\u00f3s<\/b>: <a title=\"Plural majest\u00e0tic\" href=\"http:\/\/ca.wikipedia.org\/wiki\/Plural_majest%C3%A0tic\">plural majest\u00e0tic<\/a><\/td>\n<\/tr>\n<tr>\n<td><b>os<\/b>, <b>ossos<\/b>: part de l&#8217;esquelet<br \/>\n<b>ossa<\/b>, <b>osses<\/b>: ossada, esquelet<\/td>\n<td><b>\u00f3s<\/b>, <b>\u00f3ssos<\/b>: animal<br \/>\n<b>\u00f3ssa<\/b>, <b>\u00f3sses<\/b>: animal<\/td>\n<\/tr>\n<tr>\n<td><b>pel<\/b>, <b>pels<\/b>: contracci\u00f3 de <i>per<\/i> + <i>el<\/i>, <i>per<\/i> + <i>els<\/i><\/td>\n<td><b>p\u00e8l<\/b> (plural <i>p\u00e8ls<\/i>): vellositat<\/td>\n<\/tr>\n<tr>\n<td><b>porca<\/b>: femella del porc<\/td>\n<td><b>p\u00f3rca<\/b>: faixa de terra<\/td>\n<\/tr>\n<tr>\n<td><b>que<\/b>: relatiu -sense preposici\u00f3-, exclamatiu<\/td>\n<td><b>qu\u00e8<\/b>: relatiu t\u00f2nic, interrogatiu<\/td>\n<\/tr>\n<tr>\n<td><b>res<\/b>: pronom; pl. de re (nota musical)<\/td>\n<td><b>r\u00e9s<\/b>: preg\u00e0ria<\/td>\n<\/tr>\n<tr>\n<td><b>rossa<\/b>: dona amb els cabells clars<\/td>\n<td><b>r\u00f2ssa<\/b>: animal vell i flac<\/td>\n<\/tr>\n<tr>\n<td><b>se<\/b>: <a title=\"Pronom reflexiu\" href=\"http:\/\/ca.wikipedia.org\/wiki\/Pronom_reflexiu\">pronom reflexiu<\/a><\/td>\n<td><b>s\u00e9<\/b>: forma del verb <i>saber<\/i><\/td>\n<\/tr>\n<tr>\n<td><b>sec<\/b>: eixut; forma del verb <i>seure<\/i><\/td>\n<td><b>s\u00e9c<\/b>: plec de roba<\/td>\n<\/tr>\n<tr>\n<td><b>segle<\/b>: cent anys<\/td>\n<td><b>s\u00e8gle<\/b>: s\u00e8gol<\/td>\n<\/tr>\n<tr>\n<td><b>seu<\/b>: catedral; pronom possessiu; forma del verb <i>seure<\/i><\/td>\n<td><b>s\u00e8u<\/b>: greix<\/td>\n<\/tr>\n<tr>\n<td><b>si<\/b>: nota musical; cavitat d&#8217;un \u00f3s; pronom reflexiu; conjunci\u00f3<\/td>\n<td><b>s\u00ed<\/b>: adverbi (afirmaci\u00f3)<\/td>\n<\/tr>\n<tr>\n<td><b><a title=\"Soc\" href=\"http:\/\/ca.wikipedia.org\/wiki\/Soc\">soc<\/a><\/b>: cal\u00e7at; tros de fusta; mercat<\/td>\n<td><b>s\u00f3c<\/b>: verb <i>ser<\/i><\/td>\n<\/tr>\n<tr>\n<td><b>sol<\/b>, <b>sols<\/b>: astre; nota; col\u00b7loide; sense companyia; verb <i>soler<\/i><\/td>\n<td><b>s\u00f2l<\/b> (plural <i>s\u00f2ls<\/i>): terra<\/td>\n<\/tr>\n<tr>\n<td><b>son<\/b>: acte de dormir; possessiu; unitat f\u00edsica<\/td>\n<td><b>s\u00f3n<\/b>: verb <i>ser<\/i><\/td>\n<\/tr>\n<tr>\n<td><b>te<\/b>: planta i infusi\u00f3; nom de la lletra <a title=\"T\" href=\"http:\/\/ca.wikipedia.org\/wiki\/T\">t<\/a>; pronom<\/td>\n<td><b>t\u00e9<\/b>: verb <i>tenir<\/i><\/td>\n<\/tr>\n<tr>\n<td><b>tot<\/b>: adjectiu<\/td>\n<td><b>t\u00f2t<\/b>: broc gros<\/td>\n<\/tr>\n<tr>\n<td><b>us<\/b>: pronom personal feble<\/td>\n<td><b>\u00fas<\/b>: acci\u00f3 d&#8217;usar; substantiu<\/td>\n<\/tr>\n<tr>\n<td><b>vens<\/b>, <b>venen<\/b>: formes del verb <i>vendre<\/i><\/td>\n<td><b>v\u00e9ns<\/b>, <b>v\u00e9nen<\/b>: formes del verb <i>venir<\/i><\/td>\n<\/tr>\n<tr>\n<td><b>ves<\/b>: tros de tela; lletra <a title=\"V\" href=\"http:\/\/ca.wikipedia.org\/wiki\/V\">v<\/a> en pl.; reducci\u00f3 de <i>veges<\/i><\/td>\n<td><b>v\u00e9s<\/b>: verb <i>anar<\/i><\/td>\n<\/tr>\n<tr>\n<td><b>veu<\/b>: so de les cordes vocals; present de <i>veure<\/i><\/td>\n<td><b>v\u00e9u<\/b>: passat de <i>veure<\/i><\/td>\n<\/tr>\n<tr>\n<td><b>vos<\/b>: pronom personal feble<\/td>\n<td><b>v\u00f3s<\/b>: pronom personal fort<\/td>\n<\/tr>\n<\/tbody>\n<\/table>\n<p>La di\u00e8resi es posa sobre les vocals <em>i<\/em> i <em>u<\/em>.<\/p>\n<table border=\"1\" cellspacing=\"0\" cellpadding=\"0\">\n<tbody>\n<tr>\n<td valign=\"top\" width=\"192\"><\/td>\n<td valign=\"top\" width=\"192\">que es pronuncia la <em>u<\/em> davant de <em>e<\/em> i <em>i<\/em> quan \u00e9s precedida de <em>q<\/em> i <em>g<\/em>.<\/td>\n<td valign=\"top\" width=\"192\">lleng\u00fceta, aq\u00fc\u00edfer, terr\u00e0q\u00fcia, seq\u00fcela, ping\u00fc\u00ed.<\/td>\n<\/tr>\n<tr>\n<td valign=\"top\" width=\"192\">\n<p align=\"center\"><strong>La funci\u00f3 <\/strong>de la di\u00e8resi \u00e9s indicar<\/p>\n<\/td>\n<td valign=\"top\" width=\"192\">que una seq\u00fc\u00e8ncia de vocals que formaria diftong no en forma.<\/td>\n<td valign=\"top\" width=\"192\">sa\u00fcc, estudi\u00ef, amo\u00efnar, a\u00efllada, di\u00fcr\u00e8tica, ve\u00efnatge.<\/td>\n<\/tr>\n<tr>\n<td valign=\"top\" width=\"192\"><\/td>\n<td valign=\"top\" width=\"192\">que una <em>i<\/em> o una <em>u<\/em> que per la situaci\u00f3 a la paraula serien consonants s\u00f3n vocals.<\/td>\n<td valign=\"top\" width=\"192\">redu\u00efa, male\u00efes, condu\u00efa, agra\u00efen.<\/td>\n<\/tr>\n<\/tbody>\n<\/table>\n<p><img loading=\"lazy\" decoding=\"async\" src=\"http:\/\/materials.cv.uoc.edu\/continguts\/92_969\/modul_1\/img\/cd2_11.jpg\" alt=\"\" width=\"502\" height=\"710\" \/><\/p>\n<p>Si accent i di\u00e8resi coincideixen en una mateixa lletra, <strong>t\u00e9 prefer\u00e8ncia l\u2019accent<\/strong>.<br \/>\nredu\u00edem, su\u00eds (diferent de <em>su\u00efs<\/em>, forma del verb <em>suar<\/em>), agra\u00edssiu, llu\u00edssim.<\/p>\n<p><strong>Excepcions<\/strong><\/p>\n<p>No es posa di\u00e8resi, encara que no hi hagi diftong, en els quatre casos seg\u00fcents:<\/p>\n<ol type=\"1\">\n<li>En els compostos amb prefix acabat en vocal (fora de <em>re\u00fcll, re\u00efra<\/em> i les formes del verb <em>reeixir<\/em>, com <em>re\u00efxo, re\u00efx<\/em>):reuni\u00f3, reincidir, contraindicaci\u00f3, coincid\u00e8ncia.<\/li>\n<li>En les terminacions llatines <em>-us<\/em> i <em>-um<\/em>. M\u00e0rius, lin\u00f2leum, aqu\u00e0rium, cont\u00ednuum.<\/li>\n<li>En els sufixos <em>-isme<\/em> i <em>-ista<\/em> (els acabaments de <em>pro\u00efsme<\/em> i <em>llu\u00efsme<\/em> no s\u00f3n sufixos). egoisme, altruista, arcaisme.<\/li>\n<li>En les terminacions de gerundi, infinitiu, futur i condicional dels verbs de la tercera conjugaci\u00f3 (acabats en <em>-ir<\/em>). agraint, conduir, lluiran, beneir\u00edem.<\/li>\n<\/ol>\n<p><span style=\"color: #339966;\">Tingueu present que cal accentuar les lletres maj\u00fascules quan les regles d\u2019accentuaci\u00f3 ho exigeixin: \u00c9s un pa\u00eds de l\u2019\u00c0frica<\/span>.<\/p>\n<p><span style=\"color: #0000ff;\">Pel que fa a l\u2019accentuaci\u00f3 dels adverbis acabats en \u2013ment, val a dir que aquests conserven l\u2019accent del mot amb qu\u00e8 s\u2019han format: r\u00e0pidament (r\u00e0pida + ment), f\u00e0cilment (f\u00e0cil + ment).<\/span><\/p>\n<p>Pron\u00fancia i accentuaci\u00f3 err\u00f2nia d\u2019alguns mots<\/p>\n<p>No voldr\u00edem acabar aquest apartat dedicat a l\u2019accentuaci\u00f3 sense recordar un seguit de <span style=\"color: #ff9900;\">paraules que s\u2019acostumen a pronunciar malament i que, per tant, s\u2019accentuen tamb\u00e9 malament. Les m\u00e9s importants s\u00f3n:<\/span><\/p>\n<p>Mots aguts com ara a<span style=\"color: #0000ff;\">lfil, comit\u00e8, fluor, futbol, handbol, heroi, hoquei, interval, iber, obo\u00e8, oce\u00e0, poliester, timp\u00e0, policrom, poliglot, Raimon, el Tibet, xass\u00eds, xofer, zenit.<\/span><\/p>\n<p>Mots plans com ara <span style=\"color: #0000ff;\">pentagrama, card\u00edac, austr\u00edac, polic\u00edac, m\u00edssil, t\u00e8xtil, r\u00e8ptil, mon\u00f2lit, \u00c0neu, K\u00edev, atmosfera, torticoli, medul\u00b7la, term\u00f2stat, v\u00edking, amon\u00edac, om\u00f2plat, leuc\u00f2cit, dinamo, magnet\u00f2fon.<\/span><\/p>\n<p>Mots esdr\u00faixols com ara<span style=\"color: #0000ff;\"> aur\u00e8ola, per\u00edode, T\u00e0rraco, H\u00e8lsinki, S\u00e0hara, Eti\u00f2pia, \u00cdtaca, di\u00f2ptria, el\u00e8ctrode, pol\u00ededre, \u00e8czema, pneum\u00f2nia, olimp\u00edada.<\/span><\/p>\n<p>Finalment, volem recordar que les formes del present, tant d\u2019indicatiu com de subjuntiu i imperatiu, dels verbs acabats en -iar tamb\u00e9 s\u2019acostumen a pronunciar malament. Aquestes formes s\u00f3n planes, no pas esdr\u00faixoles, i, per tant, la s\u00edl\u00b7laba t\u00f2nica sempre \u00e9s la i: ell canvia, jo estudi\u00ef, la noia copia&#8230;<\/p>\n","protected":false},"excerpt":{"rendered":"<p>Accentuaci\u00f3 Per aplicar b\u00e9 les regles d&#8217;accentuaci\u00f3, conv\u00e9 saber separar correctament les s\u00edl\u00b7labes d&#8217;un mot. Per aix\u00f2 cal recon\u00e8ixer els diftongs, dues vocals juntes que formen una \u00fanica s\u00edl\u00b7laba. Rep el nom d&#8217;accent gr\u00e0fic el signe escrit que es col\u00b7loca &hellip; <a href=\"https:\/\/www.beseit.net\/?page_id=156\">Continua llegint <span class=\"meta-nav\">&rarr;<\/span><\/a><\/p>\n","protected":false},"author":2,"featured_media":8179,"parent":0,"menu_order":0,"comment_status":"open","ping_status":"open","template":"","meta":{"footnotes":""},"categories":[1],"class_list":["post-156","page","type-page","status-publish","has-post-thumbnail","hentry","category-bloc-de-notes"],"_links":{"self":[{"href":"https:\/\/www.beseit.net\/index.php?rest_route=\/wp\/v2\/pages\/156","targetHints":{"allow":["GET"]}}],"collection":[{"href":"https:\/\/www.beseit.net\/index.php?rest_route=\/wp\/v2\/pages"}],"about":[{"href":"https:\/\/www.beseit.net\/index.php?rest_route=\/wp\/v2\/types\/page"}],"author":[{"embeddable":true,"href":"https:\/\/www.beseit.net\/index.php?rest_route=\/wp\/v2\/users\/2"}],"replies":[{"embeddable":true,"href":"https:\/\/www.beseit.net\/index.php?rest_route=%2Fwp%2Fv2%2Fcomments&post=156"}],"version-history":[{"count":28,"href":"https:\/\/www.beseit.net\/index.php?rest_route=\/wp\/v2\/pages\/156\/revisions"}],"predecessor-version":[{"id":6100,"href":"https:\/\/www.beseit.net\/index.php?rest_route=\/wp\/v2\/pages\/156\/revisions\/6100"}],"wp:featuredmedia":[{"embeddable":true,"href":"https:\/\/www.beseit.net\/index.php?rest_route=\/wp\/v2\/media\/8179"}],"wp:attachment":[{"href":"https:\/\/www.beseit.net\/index.php?rest_route=%2Fwp%2Fv2%2Fmedia&parent=156"}],"wp:term":[{"taxonomy":"category","embeddable":true,"href":"https:\/\/www.beseit.net\/index.php?rest_route=%2Fwp%2Fv2%2Fcategories&post=156"}],"curies":[{"name":"wp","href":"https:\/\/api.w.org\/{rel}","templated":true}]}}